{"id":421,"date":"2025-07-30T12:41:24","date_gmt":"2025-07-30T12:41:24","guid":{"rendered":"https:\/\/bakonyiavocats.hu\/nos-avocats\/"},"modified":"2025-12-16T13:19:39","modified_gmt":"2025-12-16T13:19:39","slug":"nos-avocats","status":"publish","type":"page","link":"https:\/\/bakonyiavocats.hu\/fr\/nos-avocats\/","title":{"rendered":"Nos avocats"},"content":{"rendered":"\t\t<div data-elementor-type=\"wp-page\" data-elementor-id=\"421\" class=\"elementor elementor-421 elementor-90\" data-elementor-post-type=\"page\">\n\t\t\t\t<div class=\"elementor-element elementor-element-2ea6f18 e-flex e-con-boxed e-con e-parent\" data-id=\"2ea6f18\" data-element_type=\"container\" data-settings=\"{&quot;background_background&quot;:&quot;classic&quot;}\">\n\t\t\t\t\t<div class=\"e-con-inner\">\n\t\t<div class=\"elementor-element elementor-element-ef4e9c5 e-con-full e-flex e-con e-child\" data-id=\"ef4e9c5\" data-element_type=\"container\">\n\t\t\t\t<div class=\"elementor-element elementor-element-9b93157 elementor-widget elementor-widget-heading\" data-id=\"9b93157\" data-element_type=\"widget\" data-widget_type=\"heading.default\">\n\t\t\t\t\t<h2 class=\"elementor-heading-title elementor-size-default\">Faites connaissance avec nos avocats<\/h2>\t\t\t\t<\/div>\n\t\t\t\t<div class=\"elementor-element elementor-element-ac6fb7f elementor-widget elementor-widget-text-editor\" data-id=\"ac6fb7f\" data-element_type=\"widget\" data-widget_type=\"text-editor.default\">\n\t\t\t\t\t\t\t\t\t<p>Les avocats du Cabinet d&rsquo;Avocats Bakonyi, multilingues et dot\u00e9s d&rsquo;une vaste exp\u00e9rience, <br>offrent une repr\u00e9sentation juridique personnalis\u00e9e,&nbsp;rapide et fiable aux clients nationaux et internationaux.<\/p>\t\t\t\t\t\t\t\t<\/div>\n\t\t\t\t<\/div>\n\t\t\t\t\t<\/div>\n\t\t\t\t<\/div>\n\t\t<div class=\"elementor-element elementor-element-0bdec71 e-flex e-con-boxed e-con e-parent\" data-id=\"0bdec71\" data-element_type=\"container\">\n\t\t\t\t\t<div class=\"e-con-inner\">\n\t\t<div class=\"elementor-element elementor-element-f15c01b e-con-full e-flex e-con e-child\" data-id=\"f15c01b\" data-element_type=\"container\">\n\t\t<div class=\"elementor-element elementor-element-75acd95 e-con-full e-flex e-con e-child\" data-id=\"75acd95\" data-element_type=\"container\">\n\t\t\t\t<div class=\"elementor-element elementor-element-eedc90c elementor-widget elementor-widget-image\" data-id=\"eedc90c\" data-element_type=\"widget\" data-widget_type=\"image.default\">\n\t\t\t\t\t\t\t\t\t\t\t\t\t\t\t<img fetchpriority=\"high\" decoding=\"async\" width=\"726\" height=\"1024\" src=\"https:\/\/bakonyiavocats.hu\/wp-content\/uploads\/2025\/10\/edit_prof-1-min-726x1024.jpg\" class=\"attachment-large size-large wp-image-424\" alt=\"\" srcset=\"https:\/\/bakonyiavocats.hu\/wp-content\/uploads\/2025\/10\/edit_prof-1-min-726x1024.jpg 726w, https:\/\/bakonyiavocats.hu\/wp-content\/uploads\/2025\/10\/edit_prof-1-min-213x300.jpg 213w, https:\/\/bakonyiavocats.hu\/wp-content\/uploads\/2025\/10\/edit_prof-1-min-768x1083.jpg 768w, https:\/\/bakonyiavocats.hu\/wp-content\/uploads\/2025\/10\/edit_prof-1-min-1089x1536.jpg 1089w, https:\/\/bakonyiavocats.hu\/wp-content\/uploads\/2025\/10\/edit_prof-1-min-1453x2048.jpg 1453w, https:\/\/bakonyiavocats.hu\/wp-content\/uploads\/2025\/10\/edit_prof-1-min-scaled.jpg 1816w\" sizes=\"(max-width: 726px) 100vw, 726px\" \/>\t\t\t\t\t\t\t\t\t\t\t\t\t\t\t<\/div>\n\t\t<div class=\"elementor-element elementor-element-3841ce5 e-con-full e-flex e-con e-child\" data-id=\"3841ce5\" data-element_type=\"container\">\n\t\t<div class=\"elementor-element elementor-element-6d5bc14 e-con-full e-flex e-con e-child\" data-id=\"6d5bc14\" data-element_type=\"container\">\n\t\t\t\t<div class=\"elementor-element elementor-element-40bbf80 elementor-widget elementor-widget-heading\" data-id=\"40bbf80\" data-element_type=\"widget\" data-widget_type=\"heading.default\">\n\t\t\t\t\t<h2 class=\"elementor-heading-title elementor-size-default\">Dr. Edit Bakonyi <\/h2>\t\t\t\t<\/div>\n\t\t\t\t<div class=\"elementor-element elementor-element-a0a101f elementor-widget elementor-widget-text-editor\" data-id=\"a0a101f\" data-element_type=\"widget\" data-widget_type=\"text-editor.default\">\n\t\t\t\t\t\t\t\t\t<p><strong>Avocate Dirigeante du Cabinet<\/strong><\/p>\t\t\t\t\t\t\t\t<\/div>\n\t\t\t\t<div class=\"elementor-element elementor-element-180b830 elementor-widget elementor-widget-text-editor\" data-id=\"180b830\" data-element_type=\"widget\" data-widget_type=\"text-editor.default\">\n\t\t\t\t\t\t\t\t\t+36 20 912 1979\t\t\t\t\t\t\t\t<\/div>\n\t\t\t\t<\/div>\n\t\t\t\t<div class=\"elementor-element elementor-element-398434a elementor-widget elementor-widget-n-accordion\" data-id=\"398434a\" data-element_type=\"widget\" data-settings=\"{&quot;default_state&quot;:&quot;all_collapsed&quot;,&quot;max_items_expended&quot;:&quot;one&quot;,&quot;n_accordion_animation_duration&quot;:{&quot;unit&quot;:&quot;ms&quot;,&quot;size&quot;:400,&quot;sizes&quot;:[]}}\" data-widget_type=\"nested-accordion.default\">\n\t\t\t\t\t\t\t<div class=\"e-n-accordion\" aria-label=\"Accordion. Open links with Enter or Space, close with Escape, and navigate with Arrow Keys\">\n\t\t\t\t\t\t<details id=\"e-n-accordion-item-6030\" class=\"e-n-accordion-item\" >\n\t\t\t\t<summary class=\"e-n-accordion-item-title\" data-accordion-index=\"1\" tabindex=\"0\" aria-expanded=\"false\" aria-controls=\"e-n-accordion-item-6030\" >\n\t\t\t\t\t<span class='e-n-accordion-item-title-header'><div class=\"e-n-accordion-item-title-text\"> Qualification <\/div><\/span>\n\t\t\t\t\t\t\t<span class='e-n-accordion-item-title-icon'>\n\t\t\t<span class='e-opened' ><svg aria-hidden=\"true\" class=\"e-font-icon-svg e-fas-angle-up\" viewBox=\"0 0 320 512\" xmlns=\"http:\/\/www.w3.org\/2000\/svg\"><path d=\"M177 159.7l136 136c9.4 9.4 9.4 24.6 0 33.9l-22.6 22.6c-9.4 9.4-24.6 9.4-33.9 0L160 255.9l-96.4 96.4c-9.4 9.4-24.6 9.4-33.9 0L7 329.7c-9.4-9.4-9.4-24.6 0-33.9l136-136c9.4-9.5 24.6-9.5 34-.1z\"><\/path><\/svg><\/span>\n\t\t\t<span class='e-closed'><svg aria-hidden=\"true\" class=\"e-font-icon-svg e-fas-angle-down\" viewBox=\"0 0 320 512\" xmlns=\"http:\/\/www.w3.org\/2000\/svg\"><path d=\"M143 352.3L7 216.3c-9.4-9.4-9.4-24.6 0-33.9l22.6-22.6c9.4-9.4 24.6-9.4 33.9 0l96.4 96.4 96.4-96.4c9.4-9.4 24.6-9.4 33.9 0l22.6 22.6c9.4 9.4 9.4 24.6 0 33.9l-136 136c-9.2 9.4-24.4 9.4-33.8 0z\"><\/path><\/svg><\/span>\n\t\t<\/span>\n\n\t\t\t\t\t\t<\/summary>\n\t\t\t\t<div role=\"region\" aria-labelledby=\"e-n-accordion-item-6030\" class=\"elementor-element elementor-element-3090d49 e-con-full e-flex e-con e-child\" data-id=\"3090d49\" data-element_type=\"container\">\n\t\t\t\t<div class=\"elementor-element elementor-element-e4bb706 elementor-widget elementor-widget-text-editor\" data-id=\"e4bb706\" data-element_type=\"widget\" data-widget_type=\"text-editor.default\">\n\t\t\t\t\t\t\t\t\t<ul><li>1991 &#8211; 1996 &#8211; Universit\u00e9 J\u00f3zsef Attila de Sciences Politiques et Juridiques, Szeged, Facult\u00e9 de Droit, dipl\u00f4me Summa Cum Laude<\/li><li>1997 &#8211; Dipl\u00f4me de l&rsquo;ENA (\u00c9cole Nationale d&rsquo;Administration), formation postgradu\u00e9e \u00e0 Budapest, sp\u00e9cialisation dans les transactions juridiques de l&rsquo;UE<\/li><li>2000 &#8211; Examen professionnel juridique, certificat de conseiller juridique<\/li><li>2001 &#8211; Serment d&rsquo;avocat, membre du Barreau du Comitat de Pest<\/li><li>2002 &#8211; Certificat d&rsquo;interpr\u00e8te g\u00e9n\u00e9ral fran\u00e7ais-hongrois-fran\u00e7ais<\/li><li>2012 &#8211; Membre du Barreau de Budapest<\/li><li>2017 &#8211; Membre de l&rsquo;UIA (Union Internationale des Avocats)<\/li><\/ul>\t\t\t\t\t\t\t\t<\/div>\n\t\t\t\t<\/div>\n\t\t\t\t\t<\/details>\n\t\t\t\t\t\t<details id=\"e-n-accordion-item-6031\" class=\"e-n-accordion-item\" >\n\t\t\t\t<summary class=\"e-n-accordion-item-title\" data-accordion-index=\"2\" tabindex=\"-1\" aria-expanded=\"false\" aria-controls=\"e-n-accordion-item-6031\" >\n\t\t\t\t\t<span class='e-n-accordion-item-title-header'><div class=\"e-n-accordion-item-title-text\"> Formations <\/div><\/span>\n\t\t\t\t\t\t\t<span class='e-n-accordion-item-title-icon'>\n\t\t\t<span class='e-opened' ><svg aria-hidden=\"true\" class=\"e-font-icon-svg e-fas-angle-up\" viewBox=\"0 0 320 512\" xmlns=\"http:\/\/www.w3.org\/2000\/svg\"><path d=\"M177 159.7l136 136c9.4 9.4 9.4 24.6 0 33.9l-22.6 22.6c-9.4 9.4-24.6 9.4-33.9 0L160 255.9l-96.4 96.4c-9.4 9.4-24.6 9.4-33.9 0L7 329.7c-9.4-9.4-9.4-24.6 0-33.9l136-136c9.4-9.5 24.6-9.5 34-.1z\"><\/path><\/svg><\/span>\n\t\t\t<span class='e-closed'><svg aria-hidden=\"true\" class=\"e-font-icon-svg e-fas-angle-down\" viewBox=\"0 0 320 512\" xmlns=\"http:\/\/www.w3.org\/2000\/svg\"><path d=\"M143 352.3L7 216.3c-9.4-9.4-9.4-24.6 0-33.9l22.6-22.6c9.4-9.4 24.6-9.4 33.9 0l96.4 96.4 96.4-96.4c9.4-9.4 24.6-9.4 33.9 0l22.6 22.6c9.4 9.4 9.4 24.6 0 33.9l-136 136c-9.2 9.4-24.4 9.4-33.8 0z\"><\/path><\/svg><\/span>\n\t\t<\/span>\n\n\t\t\t\t\t\t<\/summary>\n\t\t\t\t<div role=\"region\" aria-labelledby=\"e-n-accordion-item-6031\" class=\"elementor-element elementor-element-dab4d5a e-con-full e-flex e-con e-child\" data-id=\"dab4d5a\" data-element_type=\"container\">\n\t\t\t\t<div class=\"elementor-element elementor-element-c0f9b20 elementor-widget elementor-widget-text-editor\" data-id=\"c0f9b20\" data-element_type=\"widget\" data-widget_type=\"text-editor.default\">\n\t\t\t\t\t\t\t\t\t<ul class=\"list_bullet\"><li>1994 &#8211; 1995 &#8211; Bourse Tempus de 4 mois \u00e0 Amiens, \u00e0 l&rsquo;Universit\u00e9 Jules Verne (droit du travail, droit international public, et r\u00e9daction de m\u00e9moire intitul\u00e9 \u00ab La r\u00e9glementation du droit de gr\u00e8ve en France \u00bb)<\/li><li>1996 &#8211; Bourse de 3 semaines \u00e0 Paris dans le cadre du programme PHARE de l&rsquo;UE sur le th\u00e8me \u00ab Jeunes juristes dans l&rsquo;administration publique \u00bb, \u00e9tude du syst\u00e8me fiscal et administratif fran\u00e7ais<\/li><li>1997 &#8211; Formation de 3 semaines \u00e0 Paris dans le cadre du programme d&rsquo;\u00e9change Matthaeus Tax, \u00e9tude du droit fiscal fran\u00e7ais<\/li><li>1997 &#8211; Formation en droit fiscal OCDE, Budapest<\/li><li>1997 &#8211; 1998 &#8211; Ach\u00e8vement du module \u00ab \u00c9conomie Europ\u00e9enne \u00bb, Budapest, organis\u00e9 par l&rsquo;Institut Fran\u00e7ais<\/li><li>1998 &#8211; Formation en droit fiscal OCDE, Budapest<\/li><li>2000 &#8211; Minist\u00e8re des Finances de Paris, Direction G\u00e9n\u00e9rale des Relations \u00c9conomiques Internationales, formation continue de 15 jours, Paris<\/li><li>2008 &#8211; Conf\u00e9renci\u00e8re invit\u00e9e \u00e0 Toulouse lors de la 4\u00e9me Rencontre Europ\u00e9enne de la Fondation Femmes et Entreprise<\/li><li>2011 &#8211; Boursi\u00e8re du Barreau de Paris, analyse du syst\u00e8me juridique fran\u00e7ais pendant deux mois et un stage d&rsquo;un mois dans un Cabinet d&rsquo;Avocats parisien<\/li><\/ul>\t\t\t\t\t\t\t\t<\/div>\n\t\t\t\t<\/div>\n\t\t\t\t\t<\/details>\n\t\t\t\t\t\t<details id=\"e-n-accordion-item-6032\" class=\"e-n-accordion-item\" >\n\t\t\t\t<summary class=\"e-n-accordion-item-title\" data-accordion-index=\"3\" tabindex=\"-1\" aria-expanded=\"false\" aria-controls=\"e-n-accordion-item-6032\" >\n\t\t\t\t\t<span class='e-n-accordion-item-title-header'><div class=\"e-n-accordion-item-title-text\"> Exp\u00e9rience professionnelle <\/div><\/span>\n\t\t\t\t\t\t\t<span class='e-n-accordion-item-title-icon'>\n\t\t\t<span class='e-opened' ><svg aria-hidden=\"true\" class=\"e-font-icon-svg e-fas-angle-up\" viewBox=\"0 0 320 512\" xmlns=\"http:\/\/www.w3.org\/2000\/svg\"><path d=\"M177 159.7l136 136c9.4 9.4 9.4 24.6 0 33.9l-22.6 22.6c-9.4 9.4-24.6 9.4-33.9 0L160 255.9l-96.4 96.4c-9.4 9.4-24.6 9.4-33.9 0L7 329.7c-9.4-9.4-9.4-24.6 0-33.9l136-136c9.4-9.5 24.6-9.5 34-.1z\"><\/path><\/svg><\/span>\n\t\t\t<span class='e-closed'><svg aria-hidden=\"true\" class=\"e-font-icon-svg e-fas-angle-down\" viewBox=\"0 0 320 512\" xmlns=\"http:\/\/www.w3.org\/2000\/svg\"><path d=\"M143 352.3L7 216.3c-9.4-9.4-9.4-24.6 0-33.9l22.6-22.6c9.4-9.4 24.6-9.4 33.9 0l96.4 96.4 96.4-96.4c9.4-9.4 24.6-9.4 33.9 0l22.6 22.6c9.4 9.4 9.4 24.6 0 33.9l-136 136c-9.2 9.4-24.4 9.4-33.8 0z\"><\/path><\/svg><\/span>\n\t\t<\/span>\n\n\t\t\t\t\t\t<\/summary>\n\t\t\t\t<div role=\"region\" aria-labelledby=\"e-n-accordion-item-6032\" class=\"elementor-element elementor-element-7e95d32 e-con-full e-flex e-con e-child\" data-id=\"7e95d32\" data-element_type=\"container\">\n\t\t\t\t<div class=\"elementor-element elementor-element-d7ae4d4 elementor-widget elementor-widget-text-editor\" data-id=\"d7ae4d4\" data-element_type=\"widget\" data-widget_type=\"text-editor.default\">\n\t\t\t\t\t\t\t\t\t<ul><li>1996 &#8211; 1998 &#8211; Minist\u00e8re des Finances, Direction G\u00e9n\u00e9rale de la TVA<\/li><li>1998 &#8211; 2001 &#8211; Poste d&rsquo;Expansion \u00c9conomique de l&rsquo;Ambassade de France \u00e0 Budapest, Conseill\u00e8re Juridique<\/li><li>2001 &#8211; D\u00e9but de la carri\u00e8re Avocate \u00e0 G\u00f6d\u00f6ll\u0151<\/li><li>2002 &#8211; Fondation du Cabinet d&rsquo;Avocats BAKONYI (www.bakonyiavocats.hu)<\/li><li>2002 &#8211; Membre de la Chambre de Commerce et d&rsquo;Industrie Franco-Hongroise<\/li><li>2009 &#8211; Partenariat avec le Cabinet d&rsquo;avocats MARTY DAVIES AVOCATS (www.martydavies.com), pr\u00e9sent \u00e0 Toulouse, Albi et Paris en France<\/li><li>2012 &#8211; Partenariat avec Jordan LECUYER, avocat belge, pr\u00e9sent \u00e0 Li\u00e8ge en Belgique<\/li><\/ul>\t\t\t\t\t\t\t\t<\/div>\n\t\t\t\t<\/div>\n\t\t\t\t\t<\/details>\n\t\t\t\t\t<\/div>\n\t\t\t\t\t\t<\/div>\n\t\t\t\t<\/div>\n\t\t\t\t<\/div>\n\t\t\t\t<\/div>\n\t\t<div class=\"elementor-element elementor-element-4def9f6 e-con-full e-flex e-con e-child\" data-id=\"4def9f6\" data-element_type=\"container\">\n\t\t<div class=\"elementor-element elementor-element-feb3603 e-con-full e-flex e-con e-child\" data-id=\"feb3603\" data-element_type=\"container\">\n\t\t\t\t<div class=\"elementor-element elementor-element-258dc2f elementor-widget elementor-widget-image\" data-id=\"258dc2f\" data-element_type=\"widget\" data-widget_type=\"image.default\">\n\t\t\t\t\t\t\t\t\t\t\t\t\t\t\t<img decoding=\"async\" width=\"726\" height=\"1024\" src=\"https:\/\/bakonyiavocats.hu\/wp-content\/uploads\/2025\/10\/denes_prof-726x1024.jpg\" class=\"attachment-large size-large wp-image-425\" alt=\"\" srcset=\"https:\/\/bakonyiavocats.hu\/wp-content\/uploads\/2025\/10\/denes_prof-726x1024.jpg 726w, https:\/\/bakonyiavocats.hu\/wp-content\/uploads\/2025\/10\/denes_prof-213x300.jpg 213w, https:\/\/bakonyiavocats.hu\/wp-content\/uploads\/2025\/10\/denes_prof-768x1083.jpg 768w, https:\/\/bakonyiavocats.hu\/wp-content\/uploads\/2025\/10\/denes_prof-1089x1536.jpg 1089w, https:\/\/bakonyiavocats.hu\/wp-content\/uploads\/2025\/10\/denes_prof-1453x2048.jpg 1453w, https:\/\/bakonyiavocats.hu\/wp-content\/uploads\/2025\/10\/denes_prof-scaled.jpg 1816w\" sizes=\"(max-width: 726px) 100vw, 726px\" \/>\t\t\t\t\t\t\t\t\t\t\t\t\t\t\t<\/div>\n\t\t<div class=\"elementor-element elementor-element-de36640 e-con-full e-flex e-con e-child\" data-id=\"de36640\" data-element_type=\"container\">\n\t\t<div class=\"elementor-element elementor-element-db287e4 e-con-full e-flex e-con e-child\" data-id=\"db287e4\" data-element_type=\"container\">\n\t\t\t\t<div class=\"elementor-element elementor-element-c36aa58 elementor-widget elementor-widget-heading\" data-id=\"c36aa58\" data-element_type=\"widget\" data-widget_type=\"heading.default\">\n\t\t\t\t\t<h2 class=\"elementor-heading-title elementor-size-default\">Dr. Zsolt D\u00e9nes Kov\u00e1cs <br><\/h2>\t\t\t\t<\/div>\n\t\t\t\t<div class=\"elementor-element elementor-element-30022c5 elementor-widget elementor-widget-text-editor\" data-id=\"30022c5\" data-element_type=\"widget\" data-widget_type=\"text-editor.default\">\n\t\t\t\t\t\t\t\t\t<p><strong>Avocat<\/strong><\/p>\t\t\t\t\t\t\t\t<\/div>\n\t\t\t\t<div class=\"elementor-element elementor-element-ff1daa1 elementor-widget elementor-widget-text-editor\" data-id=\"ff1daa1\" data-element_type=\"widget\" data-widget_type=\"text-editor.default\">\n\t\t\t\t\t\t\t\t\t+36 70 394 4309\t\t\t\t\t\t\t\t<\/div>\n\t\t\t\t<\/div>\n\t\t\t\t<div class=\"elementor-element elementor-element-61278b5 elementor-widget elementor-widget-n-accordion\" data-id=\"61278b5\" data-element_type=\"widget\" data-settings=\"{&quot;default_state&quot;:&quot;all_collapsed&quot;,&quot;max_items_expended&quot;:&quot;one&quot;,&quot;n_accordion_animation_duration&quot;:{&quot;unit&quot;:&quot;ms&quot;,&quot;size&quot;:400,&quot;sizes&quot;:[]}}\" data-widget_type=\"nested-accordion.default\">\n\t\t\t\t\t\t\t<div class=\"e-n-accordion\" aria-label=\"Accordion. Open links with Enter or Space, close with Escape, and navigate with Arrow Keys\">\n\t\t\t\t\t\t<details id=\"e-n-accordion-item-1010\" class=\"e-n-accordion-item\" >\n\t\t\t\t<summary class=\"e-n-accordion-item-title\" data-accordion-index=\"1\" tabindex=\"0\" aria-expanded=\"false\" aria-controls=\"e-n-accordion-item-1010\" >\n\t\t\t\t\t<span class='e-n-accordion-item-title-header'><div class=\"e-n-accordion-item-title-text\"> Qualification <\/div><\/span>\n\t\t\t\t\t\t\t<span class='e-n-accordion-item-title-icon'>\n\t\t\t<span class='e-opened' ><svg aria-hidden=\"true\" class=\"e-font-icon-svg e-fas-angle-up\" viewBox=\"0 0 320 512\" xmlns=\"http:\/\/www.w3.org\/2000\/svg\"><path d=\"M177 159.7l136 136c9.4 9.4 9.4 24.6 0 33.9l-22.6 22.6c-9.4 9.4-24.6 9.4-33.9 0L160 255.9l-96.4 96.4c-9.4 9.4-24.6 9.4-33.9 0L7 329.7c-9.4-9.4-9.4-24.6 0-33.9l136-136c9.4-9.5 24.6-9.5 34-.1z\"><\/path><\/svg><\/span>\n\t\t\t<span class='e-closed'><svg aria-hidden=\"true\" class=\"e-font-icon-svg e-fas-angle-down\" viewBox=\"0 0 320 512\" xmlns=\"http:\/\/www.w3.org\/2000\/svg\"><path d=\"M143 352.3L7 216.3c-9.4-9.4-9.4-24.6 0-33.9l22.6-22.6c9.4-9.4 24.6-9.4 33.9 0l96.4 96.4 96.4-96.4c9.4-9.4 24.6-9.4 33.9 0l22.6 22.6c9.4 9.4 9.4 24.6 0 33.9l-136 136c-9.2 9.4-24.4 9.4-33.8 0z\"><\/path><\/svg><\/span>\n\t\t<\/span>\n\n\t\t\t\t\t\t<\/summary>\n\t\t\t\t<div role=\"region\" aria-labelledby=\"e-n-accordion-item-1010\" class=\"elementor-element elementor-element-5bf03f8 e-con-full e-flex e-con e-child\" data-id=\"5bf03f8\" data-element_type=\"container\">\n\t\t\t\t<div class=\"elementor-element elementor-element-f9b33f8 elementor-widget elementor-widget-text-editor\" data-id=\"f9b33f8\" data-element_type=\"widget\" data-widget_type=\"text-editor.default\">\n\t\t\t\t\t\t\t\t\t<ul><li>2019 &#8211; Universit\u00e9 E\u00f6tv\u00f6s Lor\u00e1nd, Facult\u00e9 de Sciences Politiques et Juridiques, juriste, dipl\u00f4me Cum Laude<\/li><\/ul>\t\t\t\t\t\t\t\t<\/div>\n\t\t\t\t<\/div>\n\t\t\t\t\t<\/details>\n\t\t\t\t\t\t<details id=\"e-n-accordion-item-1011\" class=\"e-n-accordion-item\" >\n\t\t\t\t<summary class=\"e-n-accordion-item-title\" data-accordion-index=\"2\" tabindex=\"-1\" aria-expanded=\"false\" aria-controls=\"e-n-accordion-item-1011\" >\n\t\t\t\t\t<span class='e-n-accordion-item-title-header'><div class=\"e-n-accordion-item-title-text\"> Formations <\/div><\/span>\n\t\t\t\t\t\t\t<span class='e-n-accordion-item-title-icon'>\n\t\t\t<span class='e-opened' ><svg aria-hidden=\"true\" class=\"e-font-icon-svg e-fas-angle-up\" viewBox=\"0 0 320 512\" xmlns=\"http:\/\/www.w3.org\/2000\/svg\"><path d=\"M177 159.7l136 136c9.4 9.4 9.4 24.6 0 33.9l-22.6 22.6c-9.4 9.4-24.6 9.4-33.9 0L160 255.9l-96.4 96.4c-9.4 9.4-24.6 9.4-33.9 0L7 329.7c-9.4-9.4-9.4-24.6 0-33.9l136-136c9.4-9.5 24.6-9.5 34-.1z\"><\/path><\/svg><\/span>\n\t\t\t<span class='e-closed'><svg aria-hidden=\"true\" class=\"e-font-icon-svg e-fas-angle-down\" viewBox=\"0 0 320 512\" xmlns=\"http:\/\/www.w3.org\/2000\/svg\"><path d=\"M143 352.3L7 216.3c-9.4-9.4-9.4-24.6 0-33.9l22.6-22.6c9.4-9.4 24.6-9.4 33.9 0l96.4 96.4 96.4-96.4c9.4-9.4 24.6-9.4 33.9 0l22.6 22.6c9.4 9.4 9.4 24.6 0 33.9l-136 136c-9.2 9.4-24.4 9.4-33.8 0z\"><\/path><\/svg><\/span>\n\t\t<\/span>\n\n\t\t\t\t\t\t<\/summary>\n\t\t\t\t<div role=\"region\" aria-labelledby=\"e-n-accordion-item-1011\" class=\"elementor-element elementor-element-7360f5a e-con-full e-flex e-con e-child\" data-id=\"7360f5a\" data-element_type=\"container\">\n\t\t\t\t<div class=\"elementor-element elementor-element-046cb71 elementor-widget elementor-widget-text-editor\" data-id=\"046cb71\" data-element_type=\"widget\" data-widget_type=\"text-editor.default\">\n\t\t\t\t\t\t\t\t\t<ul class=\"list_bullet\"><li>2018 &#8211; 2019 &#8211; Universit\u00e1 degli Studi di Milano Statale, Facult\u00e9 de Droit<\/li><li>2025 &#8211; Formation de juriste sp\u00e9cialis\u00e9 en droit des soci\u00e9t\u00e9s<\/li><\/ul>\t\t\t\t\t\t\t\t<\/div>\n\t\t\t\t<\/div>\n\t\t\t\t\t<\/details>\n\t\t\t\t\t\t<details id=\"e-n-accordion-item-1012\" class=\"e-n-accordion-item\" >\n\t\t\t\t<summary class=\"e-n-accordion-item-title\" data-accordion-index=\"3\" tabindex=\"-1\" aria-expanded=\"false\" aria-controls=\"e-n-accordion-item-1012\" >\n\t\t\t\t\t<span class='e-n-accordion-item-title-header'><div class=\"e-n-accordion-item-title-text\"> Exp\u00e9rience professionnelle <\/div><\/span>\n\t\t\t\t\t\t\t<span class='e-n-accordion-item-title-icon'>\n\t\t\t<span class='e-opened' ><svg aria-hidden=\"true\" class=\"e-font-icon-svg e-fas-angle-up\" viewBox=\"0 0 320 512\" xmlns=\"http:\/\/www.w3.org\/2000\/svg\"><path d=\"M177 159.7l136 136c9.4 9.4 9.4 24.6 0 33.9l-22.6 22.6c-9.4 9.4-24.6 9.4-33.9 0L160 255.9l-96.4 96.4c-9.4 9.4-24.6 9.4-33.9 0L7 329.7c-9.4-9.4-9.4-24.6 0-33.9l136-136c9.4-9.5 24.6-9.5 34-.1z\"><\/path><\/svg><\/span>\n\t\t\t<span class='e-closed'><svg aria-hidden=\"true\" class=\"e-font-icon-svg e-fas-angle-down\" viewBox=\"0 0 320 512\" xmlns=\"http:\/\/www.w3.org\/2000\/svg\"><path d=\"M143 352.3L7 216.3c-9.4-9.4-9.4-24.6 0-33.9l22.6-22.6c9.4-9.4 24.6-9.4 33.9 0l96.4 96.4 96.4-96.4c9.4-9.4 24.6-9.4 33.9 0l22.6 22.6c9.4 9.4 9.4 24.6 0 33.9l-136 136c-9.2 9.4-24.4 9.4-33.8 0z\"><\/path><\/svg><\/span>\n\t\t<\/span>\n\n\t\t\t\t\t\t<\/summary>\n\t\t\t\t<div role=\"region\" aria-labelledby=\"e-n-accordion-item-1012\" class=\"elementor-element elementor-element-e71d7d2 e-con-full e-flex e-con e-child\" data-id=\"e71d7d2\" data-element_type=\"container\">\n\t\t\t\t<div class=\"elementor-element elementor-element-4de6475 elementor-widget elementor-widget-text-editor\" data-id=\"4de6475\" data-element_type=\"widget\" data-widget_type=\"text-editor.default\">\n\t\t\t\t\t\t\t\t\t<ul class=\"list_bullet\"><li>2019 &#8211; Stagiaire<\/li><li>2019 &#8211; 2020 &#8211; Candidat d&rsquo;avocat<\/li><\/ul><p>Au Cabinet d&rsquo;Avocats Bakonyi :<\/p><ul class=\"list_bullet\"><li>2020 octobre &#8211; 2023 d\u00e9cembre: candidat d&rsquo;avocat<\/li><li>2023 d\u00e9cembre &#8211; 2025 octobre: avocat employ\u00e9<\/li><li>2025 octobre &#8211; avocat<\/li><\/ul>\t\t\t\t\t\t\t\t<\/div>\n\t\t\t\t<\/div>\n\t\t\t\t\t<\/details>\n\t\t\t\t\t<\/div>\n\t\t\t\t\t\t<\/div>\n\t\t\t\t<\/div>\n\t\t\t\t<\/div>\n\t\t\t\t<\/div>\n\t\t\t\t\t<\/div>\n\t\t\t\t<\/div>\n\t\t<div class=\"elementor-element elementor-element-662ca53 e-flex e-con-boxed e-con e-parent\" data-id=\"662ca53\" data-element_type=\"container\">\n\t\t\t\t\t<div class=\"e-con-inner\">\n\t\t<div class=\"elementor-element elementor-element-0499277 e-con-full e-flex e-con e-child\" data-id=\"0499277\" data-element_type=\"container\" data-settings=\"{&quot;background_background&quot;:&quot;classic&quot;}\">\n\t\t\t\t<div class=\"elementor-element elementor-element-ee9ec2d elementor-widget__width-initial elementor-widget elementor-widget-html\" data-id=\"ee9ec2d\" data-element_type=\"widget\" data-widget_type=\"html.default\">\n\t\t\t\t\t<!-- Leaflet CSS -->\r\n<link rel=\"stylesheet\" href=\"https:\/\/unpkg.com\/leaflet@1.9.4\/dist\/leaflet.css\">\r\n\r\n<style>\r\n  \/* Alap be\u00e1ll\u00edt\u00e1s: asztali n\u00e9zetben *\/\r\n  #map {\r\n    height: 550px;\r\n    border-radius: 30px;\r\n    overflow: hidden;\r\n  }\r\n\r\n  \/* Mobil n\u00e9zet: 768px alatt *\/\r\n  @media (max-width: 768px) {\r\n    #map {\r\n      height: 350px;\r\n    }\r\n  }\r\n<\/style>\r\n\r\n<!-- T\u00e9rk\u00e9p kont\u00e9ner -->\r\n<div id=\"map\"><\/div>\r\n\r\n<!-- Leaflet JS -->\r\n<script src=\"https:\/\/unpkg.com\/leaflet@1.9.4\/dist\/leaflet.js\"><\/script>\r\n\r\n<!-- T\u00e9rk\u00e9p inicializ\u00e1l\u00e1sa -->\r\n<script>\r\n  \/\/ 1) T\u00e9rk\u00e9p l\u00e9trehoz\u00e1sa a G\u00f6mb utca 27 k\u00f6rny\u00e9ki koordin\u00e1t\u00e1kkal\r\n  var map = L.map('map').setView([47.5287, 19.078], 13);\r\n\r\n  \/\/ 2) OpenStreetMap csemp\u00e9k bet\u00f6lt\u00e9se\r\n  L.tileLayer('https:\/\/{s}.tile.openstreetmap.org\/{z}\/{x}\/{y}.png', {\r\n    maxZoom: 19,\r\n    attribution: '\u00a9 OpenStreetMap'\r\n  }).addTo(map);\r\n\r\n  \/\/ 3) Jel\u00f6l\u0151 elhelyez\u00e9se \u00e9s felugr\u00f3 ablak\r\n  L.marker([47.5287, 19.078])\r\n    .addTo(map)\r\n    .bindPopup(\r\n      '<em style=\"font-family:Marrieweather; font-size:16px; font-weight:600\">Cabinet d&rsquo;Avocats Bakonyi<\/em>'\r\n    )\r\n    .openPopup();\r\n<\/script>\r\n\t\t\t\t<\/div>\n\t\t<div class=\"elementor-element elementor-element-56789d7 e-con-full e-flex e-con e-child\" data-id=\"56789d7\" data-element_type=\"container\">\n\t\t\t\t<div class=\"elementor-element elementor-element-3f25730 elementor-widget elementor-widget-heading\" data-id=\"3f25730\" data-element_type=\"widget\" data-widget_type=\"heading.default\">\n\t\t\t\t\t<h2 class=\"elementor-heading-title elementor-size-default\">Contactez-nous<\/h2>\t\t\t\t<\/div>\n\t\t\t\t<div class=\"elementor-element elementor-element-68427c0 elementor-widget elementor-widget-text-editor\" data-id=\"68427c0\" data-element_type=\"widget\" data-widget_type=\"text-editor.default\">\n\t\t\t\t\t\t\t\t\t<p>Si vous avez une question juridique ou souhaitez convenir d&rsquo;un rendez-vous, n&rsquo;h\u00e9sitez pas \u00e0 nous contacter. <br>Vous pouvez nous joindre rapidement par t\u00e9l\u00e9phone ou par e-mail, nous serons ravis de vous aider.<\/p>\t\t\t\t\t\t\t\t<\/div>\n\t\t<div class=\"elementor-element elementor-element-4a68543 e-con-full e-flex e-con e-child\" data-id=\"4a68543\" data-element_type=\"container\">\n\t\t<div class=\"elementor-element elementor-element-2f9faa1 e-con-full e-flex e-con e-child\" data-id=\"2f9faa1\" data-element_type=\"container\">\n\t\t\t\t<div class=\"elementor-element elementor-element-5f072e7 elementor-view-stacked elementor-shape-circle elementor-widget elementor-widget-icon\" data-id=\"5f072e7\" data-element_type=\"widget\" data-widget_type=\"icon.default\">\n\t\t\t\t\t\t\t<div class=\"elementor-icon-wrapper\">\n\t\t\t<div class=\"elementor-icon\">\n\t\t\t<svg aria-hidden=\"true\" class=\"e-font-icon-svg e-far-envelope\" viewBox=\"0 0 512 512\" xmlns=\"http:\/\/www.w3.org\/2000\/svg\"><path d=\"M464 64H48C21.49 64 0 85.49 0 112v288c0 26.51 21.49 48 48 48h416c26.51 0 48-21.49 48-48V112c0-26.51-21.49-48-48-48zm0 48v40.805c-22.422 18.259-58.168 46.651-134.587 106.49-16.841 13.247-50.201 45.072-73.413 44.701-23.208.375-56.579-31.459-73.413-44.701C106.18 199.465 70.425 171.067 48 152.805V112h416zM48 400V214.398c22.914 18.251 55.409 43.862 104.938 82.646 21.857 17.205 60.134 55.186 103.062 54.955 42.717.231 80.509-37.199 103.053-54.947 49.528-38.783 82.032-64.401 104.947-82.653V400H48z\"><\/path><\/svg>\t\t\t<\/div>\n\t\t<\/div>\n\t\t\t\t\t\t<\/div>\n\t\t\t\t<div class=\"elementor-element elementor-element-efc6a53 elementor-widget elementor-widget-text-editor\" data-id=\"efc6a53\" data-element_type=\"widget\" data-widget_type=\"text-editor.default\">\n\t\t\t\t\t\t\t\t\t<p>bakonyi@avocats.hu<\/p>\t\t\t\t\t\t\t\t<\/div>\n\t\t\t\t<\/div>\n\t\t<div class=\"elementor-element elementor-element-b42c780 e-con-full e-flex e-con e-child\" data-id=\"b42c780\" data-element_type=\"container\">\n\t\t\t\t<div class=\"elementor-element elementor-element-4767363 elementor-view-stacked elementor-shape-circle elementor-widget elementor-widget-icon\" data-id=\"4767363\" data-element_type=\"widget\" data-widget_type=\"icon.default\">\n\t\t\t\t\t\t\t<div class=\"elementor-icon-wrapper\">\n\t\t\t<div class=\"elementor-icon\">\n\t\t\t<svg aria-hidden=\"true\" class=\"e-font-icon-svg e-fas-phone-alt\" viewBox=\"0 0 512 512\" xmlns=\"http:\/\/www.w3.org\/2000\/svg\"><path d=\"M497.39 361.8l-112-48a24 24 0 0 0-28 6.9l-49.6 60.6A370.66 370.66 0 0 1 130.6 204.11l60.6-49.6a23.94 23.94 0 0 0 6.9-28l-48-112A24.16 24.16 0 0 0 122.6.61l-104 24A24 24 0 0 0 0 48c0 256.5 207.9 464 464 464a24 24 0 0 0 23.4-18.6l24-104a24.29 24.29 0 0 0-14.01-27.6z\"><\/path><\/svg>\t\t\t<\/div>\n\t\t<\/div>\n\t\t\t\t\t\t<\/div>\n\t\t\t\t<div class=\"elementor-element elementor-element-2509dda elementor-widget elementor-widget-text-editor\" data-id=\"2509dda\" data-element_type=\"widget\" data-widget_type=\"text-editor.default\">\n\t\t\t\t\t\t\t\t\t<p>+36 20 912 1979 &#8211; Mme Edit Bakonyi<\/p>\t\t\t\t\t\t\t\t<\/div>\n\t\t\t\t<\/div>\n\t\t<div class=\"elementor-element elementor-element-e455270 e-con-full e-flex e-con e-child\" data-id=\"e455270\" data-element_type=\"container\">\n\t\t\t\t<div class=\"elementor-element elementor-element-98e1a4b elementor-view-stacked elementor-shape-circle elementor-widget elementor-widget-icon\" data-id=\"98e1a4b\" data-element_type=\"widget\" data-widget_type=\"icon.default\">\n\t\t\t\t\t\t\t<div class=\"elementor-icon-wrapper\">\n\t\t\t<div class=\"elementor-icon\">\n\t\t\t<svg aria-hidden=\"true\" class=\"e-font-icon-svg e-fas-phone-alt\" viewBox=\"0 0 512 512\" xmlns=\"http:\/\/www.w3.org\/2000\/svg\"><path d=\"M497.39 361.8l-112-48a24 24 0 0 0-28 6.9l-49.6 60.6A370.66 370.66 0 0 1 130.6 204.11l60.6-49.6a23.94 23.94 0 0 0 6.9-28l-48-112A24.16 24.16 0 0 0 122.6.61l-104 24A24 24 0 0 0 0 48c0 256.5 207.9 464 464 464a24 24 0 0 0 23.4-18.6l24-104a24.29 24.29 0 0 0-14.01-27.6z\"><\/path><\/svg>\t\t\t<\/div>\n\t\t<\/div>\n\t\t\t\t\t\t<\/div>\n\t\t\t\t<div class=\"elementor-element elementor-element-2adc3aa elementor-widget elementor-widget-text-editor\" data-id=\"2adc3aa\" data-element_type=\"widget\" data-widget_type=\"text-editor.default\">\n\t\t\t\t\t\t\t\t\t<p>+36 70 394 4309 &#8211; M. Zsolt D\u00e9nes Kov\u00e1cs<\/p>\t\t\t\t\t\t\t\t<\/div>\n\t\t\t\t<\/div>\n\t\t<div class=\"elementor-element elementor-element-17453b4 e-con-full e-flex e-con e-child\" data-id=\"17453b4\" data-element_type=\"container\">\n\t\t\t\t<div class=\"elementor-element elementor-element-6616c8b elementor-view-stacked elementor-shape-circle elementor-widget elementor-widget-icon\" data-id=\"6616c8b\" data-element_type=\"widget\" data-widget_type=\"icon.default\">\n\t\t\t\t\t\t\t<div class=\"elementor-icon-wrapper\">\n\t\t\t<div class=\"elementor-icon\">\n\t\t\t<svg aria-hidden=\"true\" class=\"e-font-icon-svg e-fas-map-marker-alt\" viewBox=\"0 0 384 512\" xmlns=\"http:\/\/www.w3.org\/2000\/svg\"><path d=\"M172.268 501.67C26.97 291.031 0 269.413 0 192 0 85.961 85.961 0 192 0s192 85.961 192 192c0 77.413-26.97 99.031-172.268 309.67-9.535 13.774-29.93 13.773-39.464 0zM192 272c44.183 0 80-35.817 80-80s-35.817-80-80-80-80 35.817-80 80 35.817 80 80 80z\"><\/path><\/svg>\t\t\t<\/div>\n\t\t<\/div>\n\t\t\t\t\t\t<\/div>\n\t\t\t\t<div class=\"elementor-element elementor-element-019aaae elementor-widget elementor-widget-text-editor\" data-id=\"019aaae\" data-element_type=\"widget\" data-widget_type=\"text-editor.default\">\n\t\t\t\t\t\t\t\t\t<p>1139 Budapest, G\u00f6mb utca 27., 3\u00e9me \u00e9tage Porte 4 (sonnette 34)<\/p>\t\t\t\t\t\t\t\t<\/div>\n\t\t\t\t<\/div>\n\t\t\t\t<\/div>\n\t\t\t\t<div class=\"elementor-element elementor-element-03ab96c elementor-widget elementor-widget-text-editor\" data-id=\"03ab96c\" data-element_type=\"widget\" data-widget_type=\"text-editor.default\">\n\t\t\t\t\t\t\t\t\t<p>Le cabinet est facilement accessible en voiture (possibilit\u00e9s de stationnement disponibles) et en transports en commun (\u00e0 quelques minutes \u00e0 pied de l&rsquo;arr\u00eat R\u00f3bert K\u00e1roly k\u00f6r\u00fat du tramway 1 et de l&rsquo;arr\u00eat G\u00f6ncz \u00c1rp\u00e1d v\u00e1rosk\u00f6zpont du m\u00e9tro ligne 3).<\/p>\t\t\t\t\t\t\t\t<\/div>\n\t\t\t\t<\/div>\n\t\t\t\t<\/div>\n\t\t\t\t\t<\/div>\n\t\t\t\t<\/div>\n\t\t\t\t<\/div>\n\t\t","protected":false},"excerpt":{"rendered":"<p>Faites connaissance avec nos avocats Les avocats du Cabinet d&rsquo;Avocats Bakonyi, multilingues et dot\u00e9s d&rsquo;une vaste exp\u00e9rience, offrent une repr\u00e9sentation juridique personnalis\u00e9e,&nbsp;rapide et fiable aux clients nationaux et internationaux. Dr. Edit Bakonyi Avocate Dirigeante du Cabinet +36 20 912 1979 Qualification 1991 &#8211; 1996 &#8211; Universit\u00e9 J\u00f3zsef Attila de Sciences Politiques et Juridiques, Szeged, Facult\u00e9 [&hellip;]<\/p>\n","protected":false},"author":1,"featured_media":0,"parent":0,"menu_order":0,"comment_status":"closed","ping_status":"closed","template":"","meta":{"footnotes":""},"class_list":["post-421","page","type-page","status-publish","hentry"],"yoast_head":"<!-- This site is optimized with the Yoast SEO plugin v26.2 - https:\/\/yoast.com\/wordpress\/plugins\/seo\/ -->\n<title>Avocat francophone \u00e0 Budapest, repr\u00e9sentation juridique internationale<\/title>\n<meta name=\"description\" content=\"D\u00e9couvrez nos avocats multilingues \u00e0 Budapest \u2013 fran\u00e7ais, anglais, hongrois \u2013 avec une vaste exp\u00e9rience pour les clients nationaux et internationaux. Contactez-nous aujourd\u2019hui!\" \/>\n<meta name=\"robots\" content=\"index, follow, max-snippet:-1, max-image-preview:large, max-video-preview:-1\" \/>\n<link rel=\"canonical\" href=\"https:\/\/bakonyiavocats.hu\/fr\/nos-avocats\/\" \/>\n<meta property=\"og:locale\" content=\"fr_FR\" \/>\n<meta property=\"og:type\" content=\"article\" \/>\n<meta property=\"og:title\" content=\"Avocat francophone \u00e0 Budapest, repr\u00e9sentation juridique internationale\" \/>\n<meta property=\"og:description\" content=\"D\u00e9couvrez nos avocats multilingues \u00e0 Budapest \u2013 fran\u00e7ais, anglais, hongrois \u2013 avec une vaste exp\u00e9rience pour les clients nationaux et internationaux. Contactez-nous aujourd\u2019hui!\" \/>\n<meta property=\"og:url\" content=\"https:\/\/bakonyiavocats.hu\/fr\/nos-avocats\/\" \/>\n<meta property=\"og:site_name\" content=\"Bakonyi \u00dcgyv\u00e9di Iroda\" \/>\n<meta property=\"article:modified_time\" content=\"2025-12-16T13:19:39+00:00\" \/>\n<meta property=\"og:image\" content=\"https:\/\/bakonyiavocats.hu\/wp-content\/uploads\/2025\/10\/edit_prof-1-min-scaled.jpg\" \/>\n\t<meta property=\"og:image:width\" content=\"1816\" \/>\n\t<meta property=\"og:image:height\" content=\"2560\" \/>\n\t<meta property=\"og:image:type\" content=\"image\/jpeg\" \/>\n<meta name=\"twitter:card\" content=\"summary_large_image\" \/>\n<meta name=\"twitter:label1\" content=\"Dur\u00e9e de lecture estim\u00e9e\" \/>\n\t<meta name=\"twitter:data1\" content=\"6 minutes\" \/>\n<script type=\"application\/ld+json\" class=\"yoast-schema-graph\">{\"@context\":\"https:\/\/schema.org\",\"@graph\":[{\"@type\":\"WebPage\",\"@id\":\"https:\/\/bakonyiavocats.hu\/fr\/nos-avocats\/\",\"url\":\"https:\/\/bakonyiavocats.hu\/fr\/nos-avocats\/\",\"name\":\"Avocat francophone \u00e0 Budapest, repr\u00e9sentation juridique internationale\",\"isPartOf\":{\"@id\":\"https:\/\/bakonyiavocats.hu\/fr\/#website\"},\"primaryImageOfPage\":{\"@id\":\"https:\/\/bakonyiavocats.hu\/fr\/nos-avocats\/#primaryimage\"},\"image\":{\"@id\":\"https:\/\/bakonyiavocats.hu\/fr\/nos-avocats\/#primaryimage\"},\"thumbnailUrl\":\"https:\/\/bakonyiavocats.hu\/wp-content\/uploads\/2025\/10\/edit_prof-1-min-726x1024.jpg\",\"datePublished\":\"2025-07-30T12:41:24+00:00\",\"dateModified\":\"2025-12-16T13:19:39+00:00\",\"description\":\"D\u00e9couvrez nos avocats multilingues \u00e0 Budapest \u2013 fran\u00e7ais, anglais, hongrois \u2013 avec une vaste exp\u00e9rience pour les clients nationaux et internationaux. Contactez-nous aujourd\u2019hui!\",\"breadcrumb\":{\"@id\":\"https:\/\/bakonyiavocats.hu\/fr\/nos-avocats\/#breadcrumb\"},\"inLanguage\":\"fr-FR\",\"potentialAction\":[{\"@type\":\"ReadAction\",\"target\":[\"https:\/\/bakonyiavocats.hu\/fr\/nos-avocats\/\"]}]},{\"@type\":\"ImageObject\",\"inLanguage\":\"fr-FR\",\"@id\":\"https:\/\/bakonyiavocats.hu\/fr\/nos-avocats\/#primaryimage\",\"url\":\"https:\/\/bakonyiavocats.hu\/wp-content\/uploads\/2025\/10\/edit_prof-1-min-726x1024.jpg\",\"contentUrl\":\"https:\/\/bakonyiavocats.hu\/wp-content\/uploads\/2025\/10\/edit_prof-1-min-726x1024.jpg\"},{\"@type\":\"BreadcrumbList\",\"@id\":\"https:\/\/bakonyiavocats.hu\/fr\/nos-avocats\/#breadcrumb\",\"itemListElement\":[{\"@type\":\"ListItem\",\"position\":1,\"name\":\"Kezd\u0151lap\",\"item\":\"https:\/\/bakonyiavocats.hu\/fr\/\"},{\"@type\":\"ListItem\",\"position\":2,\"name\":\"Nos avocats\"}]},{\"@type\":\"WebSite\",\"@id\":\"https:\/\/bakonyiavocats.hu\/fr\/#website\",\"url\":\"https:\/\/bakonyiavocats.hu\/fr\/\",\"name\":\"Bakonyi \u00dcgyv\u00e9di Iroda\",\"description\":\"\",\"publisher\":{\"@id\":\"https:\/\/bakonyiavocats.hu\/fr\/#organization\"},\"potentialAction\":[{\"@type\":\"SearchAction\",\"target\":{\"@type\":\"EntryPoint\",\"urlTemplate\":\"https:\/\/bakonyiavocats.hu\/fr\/?s={search_term_string}\"},\"query-input\":{\"@type\":\"PropertyValueSpecification\",\"valueRequired\":true,\"valueName\":\"search_term_string\"}}],\"inLanguage\":\"fr-FR\"},{\"@type\":\"Organization\",\"@id\":\"https:\/\/bakonyiavocats.hu\/fr\/#organization\",\"name\":\"Bakonyi \u00dcgyv\u00e9di Iroda\",\"url\":\"https:\/\/bakonyiavocats.hu\/fr\/\",\"logo\":{\"@type\":\"ImageObject\",\"inLanguage\":\"fr-FR\",\"@id\":\"https:\/\/bakonyiavocats.hu\/fr\/#\/schema\/logo\/image\/\",\"url\":\"https:\/\/bakonyiavocats.hu\/wp-content\/uploads\/2025\/07\/bakonyi_logo_fekete_400.png\",\"contentUrl\":\"https:\/\/bakonyiavocats.hu\/wp-content\/uploads\/2025\/07\/bakonyi_logo_fekete_400.png\",\"width\":400,\"height\":400,\"caption\":\"Bakonyi \u00dcgyv\u00e9di Iroda\"},\"image\":{\"@id\":\"https:\/\/bakonyiavocats.hu\/fr\/#\/schema\/logo\/image\/\"}}]}<\/script>\n<!-- \/ Yoast SEO plugin. -->","yoast_head_json":{"title":"Avocat francophone \u00e0 Budapest, repr\u00e9sentation juridique internationale","description":"D\u00e9couvrez nos avocats multilingues \u00e0 Budapest \u2013 fran\u00e7ais, anglais, hongrois \u2013 avec une vaste exp\u00e9rience pour les clients nationaux et internationaux. Contactez-nous aujourd\u2019hui!","robots":{"index":"index","follow":"follow","max-snippet":"max-snippet:-1","max-image-preview":"max-image-preview:large","max-video-preview":"max-video-preview:-1"},"canonical":"https:\/\/bakonyiavocats.hu\/fr\/nos-avocats\/","og_locale":"fr_FR","og_type":"article","og_title":"Avocat francophone \u00e0 Budapest, repr\u00e9sentation juridique internationale","og_description":"D\u00e9couvrez nos avocats multilingues \u00e0 Budapest \u2013 fran\u00e7ais, anglais, hongrois \u2013 avec une vaste exp\u00e9rience pour les clients nationaux et internationaux. Contactez-nous aujourd\u2019hui!","og_url":"https:\/\/bakonyiavocats.hu\/fr\/nos-avocats\/","og_site_name":"Bakonyi \u00dcgyv\u00e9di Iroda","article_modified_time":"2025-12-16T13:19:39+00:00","og_image":[{"width":1816,"height":2560,"url":"https:\/\/bakonyiavocats.hu\/wp-content\/uploads\/2025\/10\/edit_prof-1-min-scaled.jpg","type":"image\/jpeg"}],"twitter_card":"summary_large_image","twitter_misc":{"Dur\u00e9e de lecture estim\u00e9e":"6 minutes"},"schema":{"@context":"https:\/\/schema.org","@graph":[{"@type":"WebPage","@id":"https:\/\/bakonyiavocats.hu\/fr\/nos-avocats\/","url":"https:\/\/bakonyiavocats.hu\/fr\/nos-avocats\/","name":"Avocat francophone \u00e0 Budapest, repr\u00e9sentation juridique internationale","isPartOf":{"@id":"https:\/\/bakonyiavocats.hu\/fr\/#website"},"primaryImageOfPage":{"@id":"https:\/\/bakonyiavocats.hu\/fr\/nos-avocats\/#primaryimage"},"image":{"@id":"https:\/\/bakonyiavocats.hu\/fr\/nos-avocats\/#primaryimage"},"thumbnailUrl":"https:\/\/bakonyiavocats.hu\/wp-content\/uploads\/2025\/10\/edit_prof-1-min-726x1024.jpg","datePublished":"2025-07-30T12:41:24+00:00","dateModified":"2025-12-16T13:19:39+00:00","description":"D\u00e9couvrez nos avocats multilingues \u00e0 Budapest \u2013 fran\u00e7ais, anglais, hongrois \u2013 avec une vaste exp\u00e9rience pour les clients nationaux et internationaux. Contactez-nous aujourd\u2019hui!","breadcrumb":{"@id":"https:\/\/bakonyiavocats.hu\/fr\/nos-avocats\/#breadcrumb"},"inLanguage":"fr-FR","potentialAction":[{"@type":"ReadAction","target":["https:\/\/bakonyiavocats.hu\/fr\/nos-avocats\/"]}]},{"@type":"ImageObject","inLanguage":"fr-FR","@id":"https:\/\/bakonyiavocats.hu\/fr\/nos-avocats\/#primaryimage","url":"https:\/\/bakonyiavocats.hu\/wp-content\/uploads\/2025\/10\/edit_prof-1-min-726x1024.jpg","contentUrl":"https:\/\/bakonyiavocats.hu\/wp-content\/uploads\/2025\/10\/edit_prof-1-min-726x1024.jpg"},{"@type":"BreadcrumbList","@id":"https:\/\/bakonyiavocats.hu\/fr\/nos-avocats\/#breadcrumb","itemListElement":[{"@type":"ListItem","position":1,"name":"Kezd\u0151lap","item":"https:\/\/bakonyiavocats.hu\/fr\/"},{"@type":"ListItem","position":2,"name":"Nos avocats"}]},{"@type":"WebSite","@id":"https:\/\/bakonyiavocats.hu\/fr\/#website","url":"https:\/\/bakonyiavocats.hu\/fr\/","name":"Bakonyi \u00dcgyv\u00e9di Iroda","description":"","publisher":{"@id":"https:\/\/bakonyiavocats.hu\/fr\/#organization"},"potentialAction":[{"@type":"SearchAction","target":{"@type":"EntryPoint","urlTemplate":"https:\/\/bakonyiavocats.hu\/fr\/?s={search_term_string}"},"query-input":{"@type":"PropertyValueSpecification","valueRequired":true,"valueName":"search_term_string"}}],"inLanguage":"fr-FR"},{"@type":"Organization","@id":"https:\/\/bakonyiavocats.hu\/fr\/#organization","name":"Bakonyi \u00dcgyv\u00e9di Iroda","url":"https:\/\/bakonyiavocats.hu\/fr\/","logo":{"@type":"ImageObject","inLanguage":"fr-FR","@id":"https:\/\/bakonyiavocats.hu\/fr\/#\/schema\/logo\/image\/","url":"https:\/\/bakonyiavocats.hu\/wp-content\/uploads\/2025\/07\/bakonyi_logo_fekete_400.png","contentUrl":"https:\/\/bakonyiavocats.hu\/wp-content\/uploads\/2025\/07\/bakonyi_logo_fekete_400.png","width":400,"height":400,"caption":"Bakonyi \u00dcgyv\u00e9di Iroda"},"image":{"@id":"https:\/\/bakonyiavocats.hu\/fr\/#\/schema\/logo\/image\/"}}]}},"_links":{"self":[{"href":"https:\/\/bakonyiavocats.hu\/fr\/wp-json\/wp\/v2\/pages\/421","targetHints":{"allow":["GET"]}}],"collection":[{"href":"https:\/\/bakonyiavocats.hu\/fr\/wp-json\/wp\/v2\/pages"}],"about":[{"href":"https:\/\/bakonyiavocats.hu\/fr\/wp-json\/wp\/v2\/types\/page"}],"author":[{"embeddable":true,"href":"https:\/\/bakonyiavocats.hu\/fr\/wp-json\/wp\/v2\/users\/1"}],"replies":[{"embeddable":true,"href":"https:\/\/bakonyiavocats.hu\/fr\/wp-json\/wp\/v2\/comments?post=421"}],"version-history":[{"count":21,"href":"https:\/\/bakonyiavocats.hu\/fr\/wp-json\/wp\/v2\/pages\/421\/revisions"}],"predecessor-version":[{"id":757,"href":"https:\/\/bakonyiavocats.hu\/fr\/wp-json\/wp\/v2\/pages\/421\/revisions\/757"}],"wp:attachment":[{"href":"https:\/\/bakonyiavocats.hu\/fr\/wp-json\/wp\/v2\/media?parent=421"}],"curies":[{"name":"wp","href":"https:\/\/api.w.org\/{rel}","templated":true}]}}